{"id":367,"date":"2022-02-14T14:04:15","date_gmt":"2022-02-14T13:04:15","guid":{"rendered":"https:\/\/enr.today\/enr-project\/"},"modified":"2026-08-05T14:00:02","modified_gmt":"2026-08-05T12:00:02","slug":"le-projet","status":"publish","type":"page","link":"https:\/\/europeannewsroom.com\/fr\/about\/le-projet\/","title":{"rendered":"Le projet"},"content":{"rendered":"<p>[et_pb_section fb_built=\u00a0\u00bb1&Prime; custom_padding_last_edited=\u00a0\u00bbon|phone\u00a0\u00bb _builder_version=\u00a0\u00bb4.27.6&Prime; _module_preset=\u00a0\u00bbdefault\u00a0\u00bb background_color=\u00a0\u00bb#777777&Prime; custom_padding_tablet=\u00a0\u00bb\u00a0\u00bb custom_padding_phone=\u00a0\u00bb0px||0px||false|false\u00a0\u00bb hover_enabled=\u00a0\u00bb0&Prime; global_colors_info=\u00a0\u00bb{}\u00a0\u00bb alt=\u00a0\u00bbThe European Newsroom (enr), a joint project of 18 European news agencies, was launched in Brussels today. The aim of the initiative is to reinforce reporting from the heart of Europe, as well as fostering cooperation between international agency correspondents. Foto: Christian Charisius\/dpa\u00a0\u00bb title_text=\u00a0\u00bbenr European Newsroom Br\u009fssel\u00a0\u00bb background_image=\u00a0\u00bbhttps:\/\/europeannewsroom.com\/wp-content\/uploads\/2023\/07\/20220905_chc_268959.jpg\u00a0\u00bb background_blend=\u00a0\u00bbmultiply\u00a0\u00bb sticky_enabled=\u00a0\u00bb0&Prime; custom_padding=\u00a0\u00bb100px||100px||false|false\u00a0\u00bb][et_pb_row _builder_version=\u00a0\u00bb4.16&Prime; _module_preset=\u00a0\u00bbdefault\u00a0\u00bb global_colors_info=\u00a0\u00bb{}\u00a0\u00bb][et_pb_column type=\u00a0\u00bb4_4&Prime; _builder_version=\u00a0\u00bb4.16&Prime; _module_preset=\u00a0\u00bbdefault\u00a0\u00bb global_colors_info=\u00a0\u00bb{}\u00a0\u00bb][et_pb_text _builder_version=\u00a0\u00bb4.16&Prime; _module_preset=\u00a0\u00bbdefault\u00a0\u00bb header_font=\u00a0\u00bb|700|||||||\u00a0\u00bb header_text_color=\u00a0\u00bb#FFFFFF\u00a0\u00bb global_colors_info=\u00a0\u00bb{}\u00a0\u00bb]<\/p>\n<h1><strong><b>Description du projet<\/b><\/strong><\/h1>\n<p>[\/et_pb_text][\/et_pb_column][\/et_pb_row][\/et_pb_section][et_pb_section fb_built=\u00a0\u00bb1&Prime; _builder_version=\u00a0\u00bb4.27.6&Prime; _module_preset=\u00a0\u00bbdefault\u00a0\u00bb hover_enabled=\u00a0\u00bb0&Prime; global_colors_info=\u00a0\u00bb{}\u00a0\u00bb height=\u00a0\u00bb600px\u00a0\u00bb sticky_enabled=\u00a0\u00bb0&Prime;][et_pb_row _builder_version=\u00a0\u00bb4.27.6&Prime; _module_preset=\u00a0\u00bbdefault\u00a0\u00bb custom_padding=\u00a0\u00bb0px||0px||false|false\u00a0\u00bb global_colors_info=\u00a0\u00bb{}\u00a0\u00bb][et_pb_column type=\u00a0\u00bb4_4&Prime; _builder_version=\u00a0\u00bb4.16&Prime; _module_preset=\u00a0\u00bbdefault\u00a0\u00bb global_colors_info=\u00a0\u00bb{}\u00a0\u00bb][et_pb_text _builder_version=\u00a0\u00bb4.27.6&Prime; _module_preset=\u00a0\u00bbdefault\u00a0\u00bb global_colors_info=\u00a0\u00bb{}\u00a0\u00bb]<\/p>\n<p><span data-contrast=\"auto\"><strong>L\u2019European\u00a0Newsroom\u00a0(enr)<\/strong>\u00a0est\u00a0un\u00a0projet\u00a0de\u00a0coop\u00e9ration\u00a0entre des\u00a0agences\u00a0de\u00a0presse\u00a0de\u00a0toute\u00a0l\u2019Europe. Les\u00a0agences\u00a0participantes\u00a0ont\u00a0la\u00a0possibilit\u00e9\u00a0de\u00a0suivre\u00a0des\u00a0formations\u00a0et des\u00a0actions\u00a0de\u00a0perfectionnement,\u00a0ainsi\u00a0que de\u00a0contribuer\u00a0\u00e0\u00a0l\u2019\u00e9laboration\u00a0commune\u00a0de normes\u00a0journalistiques. Le\u00a0projet\u00a0vise \u00e0\u00a0promouvoir\u00a0un\u00a0journalisme\u00a0de\u00a0qualit\u00e9\u00a0en\u00a0luttant\u00a0contre\u00a0la\u00a0diffusion\u00a0croissante\u00a0de la\u00a0d\u00e9sinformation\u00a0et de la\u00a0propagande.\u00a0Gr\u00e2ce\u00a0\u00e0\u00a0l\u2019enr, les\u00a0agences\u00a0europ\u00e9ennes\u00a0b\u00e9n\u00e9ficient\u00a0d\u2019un\u00a0acc\u00e8s\u00a0\u00e9gal\u00a0\u00e0\u00a0l\u2019information,\u00a0ouvrant\u00a0ainsi\u00a0la\u00a0voie\u00a0\u00e0 une\u00a0couverture\u00a0compl\u00e8te\u00a0et\u00a0diversifi\u00e9e\u00a0au-del\u00e0\u00a0des\u00a0fronti\u00e8res\u00a0nationales.<\/span><span data-ccp-props=\"{}\">\u00a0<\/span><\/p>\n<p><span data-contrast=\"auto\">Une\u00a0couverture\u00a0professionnelle\u00a0de\u00a0l\u2019UE\u00a0et de\u00a0l\u2019Europe,\u00a0diffus\u00e9e\u00a0par\u00a0l\u2019enr, informe les\u00a0populations\u00a0dans\u00a0leurs\u00a0pays\u00a0respectifs\u00a0de\u00a0mani\u00e8re\u00a0impartiale\u00a0et\u00a0ind\u00e9pendante.\u00a0Elle\u00a0fournit\u00a0aux\u00a0agences\u00a0des\u00a0informations\u00a0v\u00e9rifi\u00e9es\u00a0et\u00a0leur\u00a0donne\u00a0un\u00a0acc\u00e8s\u00a0professionnel\u00a0\u00e0 des\u00a0informations\u00a0et \u00e0 des\u00a0sources\u00a0qui\u00a0\u00e9chappent\u00a0\u00e0 la\u00a0propagande\u00a0et\u00a0aux\u00a0fausses\u00a0informations.\u00a0L\u2019enr\u00a0entend\u00a0\u00e9tablir,\u00a0au\u00a0c\u0153ur\u00a0de\u00a0l\u2019UE, un\u00a0p\u00f4le\u00a0de\u00a0qualit\u00e9\u00a0et\u00a0d\u2019int\u00e9grit\u00e9\u00a0journalistiques.<\/span><span data-ccp-props=\"{}\">\u00a0<\/span><\/p>\n<p><span data-contrast=\"auto\">En bref, il s\u2019agit d\u2019agences europ\u00e9ennes qui travaillent ensemble \u2013 sur un pied d\u2019\u00e9galit\u00e9 et au-del\u00e0 des fronti\u00e8res. Ce n\u2019est pas seulement l\u2019id\u00e9e qui sous-tend l\u2019European\u00a0Newsroom, c\u2019est aussi l\u2019id\u00e9e d\u2019une Europe unie.<\/span><\/p>\n<p>[\/et_pb_text][\/et_pb_column][\/et_pb_row][\/et_pb_section]<\/p>\n","protected":false},"excerpt":{"rendered":"<p>Description du projetL\u2019European\u00a0Newsroom\u00a0(enr)\u00a0est\u00a0un\u00a0projet\u00a0de\u00a0coop\u00e9ration\u00a0entre des\u00a0agences\u00a0de\u00a0presse\u00a0de\u00a0toute\u00a0l\u2019Europe. Les\u00a0agences\u00a0participantes\u00a0ont\u00a0la\u00a0possibilit\u00e9\u00a0de\u00a0suivre\u00a0des\u00a0formations\u00a0et des\u00a0actions\u00a0de\u00a0perfectionnement,\u00a0ainsi\u00a0que de\u00a0contribuer\u00a0\u00e0\u00a0l\u2019\u00e9laboration\u00a0commune\u00a0de normes\u00a0journalistiques. Le\u00a0projet\u00a0vise \u00e0\u00a0promouvoir\u00a0un\u00a0journalisme\u00a0de\u00a0qualit\u00e9\u00a0en\u00a0luttant\u00a0contre\u00a0la\u00a0diffusion\u00a0croissante\u00a0de la\u00a0d\u00e9sinformation\u00a0et de la\u00a0propagande.\u00a0Gr\u00e2ce\u00a0\u00e0\u00a0l\u2019enr, les\u00a0agences\u00a0europ\u00e9ennes\u00a0b\u00e9n\u00e9ficient\u00a0d\u2019un\u00a0acc\u00e8s\u00a0\u00e9gal\u00a0\u00e0\u00a0l\u2019information,\u00a0ouvrant\u00a0ainsi\u00a0la\u00a0voie\u00a0\u00e0 une\u00a0couverture\u00a0compl\u00e8te\u00a0et\u00a0diversifi\u00e9e\u00a0au-del\u00e0\u00a0des\u00a0fronti\u00e8res\u00a0nationales.\u00a0 Une\u00a0couverture\u00a0professionnelle\u00a0de\u00a0l\u2019UE\u00a0et de\u00a0l\u2019Europe,\u00a0diffus\u00e9e\u00a0par\u00a0l\u2019enr, informe les\u00a0populations\u00a0dans\u00a0leurs\u00a0pays\u00a0respectifs\u00a0de\u00a0mani\u00e8re\u00a0impartiale\u00a0et\u00a0ind\u00e9pendante.\u00a0Elle\u00a0fournit\u00a0aux\u00a0agences\u00a0des\u00a0informations\u00a0v\u00e9rifi\u00e9es\u00a0et\u00a0leur\u00a0donne\u00a0un\u00a0acc\u00e8s\u00a0professionnel\u00a0\u00e0 des\u00a0informations\u00a0et \u00e0 des\u00a0sources\u00a0qui\u00a0\u00e9chappent\u00a0\u00e0 la\u00a0propagande\u00a0et\u00a0aux\u00a0fausses\u00a0informations.\u00a0L\u2019enr\u00a0entend\u00a0\u00e9tablir,\u00a0au\u00a0c\u0153ur\u00a0de\u00a0l\u2019UE, un\u00a0p\u00f4le\u00a0de\u00a0qualit\u00e9\u00a0et\u00a0d\u2019int\u00e9grit\u00e9\u00a0journalistiques.\u00a0 En bref, il s\u2019agit d\u2019agences europ\u00e9ennes qui travaillent ensemble \u2013 sur un pied d\u2019\u00e9galit\u00e9 et au-del\u00e0 des fronti\u00e8res. Ce n\u2019est pas seulement l\u2019id\u00e9e qui sous-tend l\u2019European\u00a0Newsroom, c\u2019est aussi l\u2019id\u00e9e d\u2019une Europe [&hellip;]<\/p>\n","protected":false},"author":1,"featured_media":0,"parent":679,"menu_order":0,"comment_status":"closed","ping_status":"closed","template":"","meta":{"_acf_changed":false,"_et_pb_use_builder":"on","_et_pb_old_content":"","_et_gb_content_width":"","footnotes":""},"class_list":["post-367","page","type-page","status-publish","hentry"],"acf":[],"_links":{"self":[{"href":"https:\/\/europeannewsroom.com\/fr\/wp-json\/wp\/v2\/pages\/367","targetHints":{"allow":["GET"]}}],"collection":[{"href":"https:\/\/europeannewsroom.com\/fr\/wp-json\/wp\/v2\/pages"}],"about":[{"href":"https:\/\/europeannewsroom.com\/fr\/wp-json\/wp\/v2\/types\/page"}],"author":[{"embeddable":true,"href":"https:\/\/europeannewsroom.com\/fr\/wp-json\/wp\/v2\/users\/1"}],"replies":[{"embeddable":true,"href":"https:\/\/europeannewsroom.com\/fr\/wp-json\/wp\/v2\/comments?post=367"}],"version-history":[{"count":2,"href":"https:\/\/europeannewsroom.com\/fr\/wp-json\/wp\/v2\/pages\/367\/revisions"}],"predecessor-version":[{"id":2105341,"href":"https:\/\/europeannewsroom.com\/fr\/wp-json\/wp\/v2\/pages\/367\/revisions\/2105341"}],"up":[{"embeddable":true,"href":"https:\/\/europeannewsroom.com\/fr\/wp-json\/wp\/v2\/pages\/679"}],"wp:attachment":[{"href":"https:\/\/europeannewsroom.com\/fr\/wp-json\/wp\/v2\/media?parent=367"}],"curies":[{"name":"wp","href":"https:\/\/api.w.org\/{rel}","templated":true}]}}